{"id":901,"date":"2011-06-07T07:53:04","date_gmt":"2011-06-07T05:53:04","guid":{"rendered":"https:\/\/www.ninahaab.ch\/portfolio\/album-de-famille\/"},"modified":"2023-11-10T10:42:28","modified_gmt":"2023-11-10T08:42:28","slug":"album-de-famille","status":"publish","type":"portfolio","link":"https:\/\/www.ninahaab.ch\/fr\/portfolio\/album-de-famille\/","title":{"rendered":"Album de famille"},"content":{"rendered":"<h4>2011<\/h4>\n<p><strong>Chapitre 1, dvd vid\u00e9o, 18\u201957\u2019\u2019, Chapitre 2, dvd vid\u00e9o, 17\u201954\u2019\u2019,<\/strong><br \/>\n<strong>Chapitre 3, dvd vid\u00e9o, 11\u201903\u2019\u2019, Chapitre 4, dvd vid\u00e9o, 23\u201934\u2019\u2019<\/strong><\/p>\n<p>Les quatre vid\u00e9os pr\u00e9sentent chacune une projection de diapositives que le p\u00e8re de l\u2019artiste a faites entre les ann\u00e9es septante et les ann\u00e9es nonante. Dans chaque vid\u00e9o le narrateur qui commente les diapositives change : <em>Chapitre 1<\/em> est comment\u00e9 par le photographe ; <em>Chapitre 2<\/em> est comment\u00e9 par la m\u00e8re de l\u2019artiste ; <em>Chapitre 3<\/em> est comment\u00e9 par la m\u00e8re du demi-fr\u00e8re de l\u2019artiste ; <em>Chapitre 4<\/em> est comment\u00e9 par le demi-fr\u00e8re de l\u2019artiste.<\/p>\n<p>Les diapositives sont film\u00e9es sous forme de diaporama pour rester fid\u00e8le \u00e0 la tradition familiale, qui veut que l\u2019on montre toujours les photographies dans un album, ou \u00e0 travers une projection de diapositives.<\/p>\n<p>Le projet veut rep\u00e9rer \u00e0 travers les souvenirs de cette famille une \u00e9poque bien pr\u00e9cise, qui incarne le d\u00e9but des familles recompos\u00e9es. Cette famille repr\u00e9sente un p\u00e8re qui a partag\u00e9 sa vie familiale avec trois femmes pour l\u2019essentiel. Il a eu un enfant avec chacune d\u2019elles.<br \/>\nL\u2019int\u00e9r\u00eat de ces vid\u00e9os vient de l\u2019envie de comprendre leur choix de vie qu\u2019ils ont fait face aux obstacles ou aux malentendus. Le spectateur se voit impliqu\u00e9 dans la vie des narrateurs dont il partage les secrets. Des secrets qui remontent \u00e0 une \u00e9poque bien d\u00e9termin\u00e9e, o\u00f9 la femme \u00e9tait en pleine \u00e9mancipation, mais qui dans cette histoire familiale est confront\u00e9e \u00e0 un patriarche.<\/p>\n<p>Image \/ son \/ montage : Nina Haab<\/p>\n<p>Album de famille &#8211; Chapitre 1<br \/>\n<a class=\"hoverZoomLink\" href=\"https:\/\/vimeo.com\/49328566\">https:\/\/vimeo.com\/49328566<\/a><\/p>\n","protected":false},"excerpt":{"rendered":"<p>2011<\/p>\n","protected":false},"author":2,"featured_media":613,"parent":0,"menu_order":0,"comment_status":"closed","ping_status":"open","template":"","meta":{"footnotes":""},"portfolio_category":[],"class_list":["post-901","portfolio","type-portfolio","status-publish","has-post-thumbnail","hentry"],"_links":{"self":[{"href":"https:\/\/www.ninahaab.ch\/fr\/wp-json\/wp\/v2\/portfolio\/901","targetHints":{"allow":["GET"]}}],"collection":[{"href":"https:\/\/www.ninahaab.ch\/fr\/wp-json\/wp\/v2\/portfolio"}],"about":[{"href":"https:\/\/www.ninahaab.ch\/fr\/wp-json\/wp\/v2\/types\/portfolio"}],"author":[{"embeddable":true,"href":"https:\/\/www.ninahaab.ch\/fr\/wp-json\/wp\/v2\/users\/2"}],"replies":[{"embeddable":true,"href":"https:\/\/www.ninahaab.ch\/fr\/wp-json\/wp\/v2\/comments?post=901"}],"version-history":[{"count":2,"href":"https:\/\/www.ninahaab.ch\/fr\/wp-json\/wp\/v2\/portfolio\/901\/revisions"}],"predecessor-version":[{"id":954,"href":"https:\/\/www.ninahaab.ch\/fr\/wp-json\/wp\/v2\/portfolio\/901\/revisions\/954"}],"wp:featuredmedia":[{"embeddable":true,"href":"https:\/\/www.ninahaab.ch\/fr\/wp-json\/wp\/v2\/media\/613"}],"wp:attachment":[{"href":"https:\/\/www.ninahaab.ch\/fr\/wp-json\/wp\/v2\/media?parent=901"}],"wp:term":[{"taxonomy":"portfolio_category","embeddable":true,"href":"https:\/\/www.ninahaab.ch\/fr\/wp-json\/wp\/v2\/portfolio_category?post=901"}],"curies":[{"name":"wp","href":"https:\/\/api.w.org\/{rel}","templated":true}]}}